{"id":66142,"date":"2024-08-27T08:23:10","date_gmt":"2024-08-27T08:23:10","guid":{"rendered":"https:\/\/davidherassopena.com\/avis-legal\/"},"modified":"2026-04-20T18:02:13","modified_gmt":"2026-04-20T18:02:13","slug":"avis-legal","status":"publish","type":"page","link":"https:\/\/davidherassopena.com\/es\/avis-legal\/","title":{"rendered":"Aviso Legal"},"content":{"rendered":"\t\t<div data-elementor-type=\"wp-page\" data-elementor-id=\"66142\" class=\"elementor elementor-66142 elementor-12954\">\n\t\t\t\t\t\t<section class=\"elementor-section elementor-top-section elementor-element elementor-element-144ec2ac elementor-section-boxed elementor-section-height-default elementor-section-height-default sc_fly_static\" data-id=\"144ec2ac\" data-element_type=\"section\" data-e-type=\"section\" data-settings=\"{&quot;background_background&quot;:&quot;classic&quot;}\">\n\t\t\t\t\t\t<div class=\"elementor-container elementor-column-gap-extended\">\n\t\t\t\t\t<div class=\"elementor-column elementor-col-100 elementor-top-column elementor-element elementor-element-4c4b4a7 sc_content_align_inherit sc_layouts_column_icons_position_left sc_fly_static\" data-id=\"4c4b4a7\" data-element_type=\"column\" data-e-type=\"column\">\n\t\t\t<div class=\"elementor-widget-wrap elementor-element-populated\">\n\t\t\t\t\t\t<div class=\"elementor-element elementor-element-4dfd870a sc_fly_static elementor-widget elementor-widget-text-editor\" data-id=\"4dfd870a\" data-element_type=\"widget\" data-e-type=\"widget\" data-widget_type=\"text-editor.default\">\n\t\t\t\t<div class=\"elementor-widget-container\">\n\t\t\t\t\t\t\t\t\t<h6 data-section-id=\"1iywdul\" data-start=\"98\" data-end=\"135\"><span role=\"text\"><strong data-start=\"101\" data-end=\"135\">1. Responsable del tratamiento<\/strong><\/span><\/h6><p data-start=\"137\" data-end=\"312\">En cumplimiento de lo dispuesto en el Reglamento (UE) 2016\/679 (RGPD) y la Ley Org\u00e1nica 3\/2018 (LOPDGDD), se informa que los datos personales recogidos a trav\u00e9s del sitio web:<\/p><p data-start=\"314\" data-end=\"346\"><a class=\"decorated-link\" href=\"https:\/\/davidherassopena.com\/\" target=\"_new\" rel=\"noopener\" data-start=\"317\" data-end=\"346\">https:\/\/davidherassopena.com\/<\/a><\/p><p data-start=\"348\" data-end=\"367\">ser\u00e1n tratados por:<\/p><p data-start=\"369\" data-end=\"600\"><strong data-start=\"369\" data-end=\"381\">Titular:<\/strong> DAVID HERAS SOPENA \u2013 Psic\u00f3logo General Sanitario y Psicoterapeuta<br data-start=\"447\" data-end=\"450\" \/><strong data-start=\"450\" data-end=\"458\">NIF:<\/strong> 46353842X<br data-start=\"468\" data-end=\"471\" \/><strong data-start=\"471\" data-end=\"497\">Domicilio profesional:<\/strong> C\/ Enten\u00e7a 90-92, 5\u00ba 2\u00aa, 08015 Barcelona<br data-start=\"538\" data-end=\"541\" \/><strong data-start=\"541\" data-end=\"576\">Correo electr\u00f3nico de contacto:<\/strong> <a class=\"decorated-link cursor-pointer\" rel=\"noopener\" data-start=\"577\" data-end=\"598\">info.dheras@gmail.com<\/a><\/p><h6 data-section-id=\"1jw8m0a\" data-start=\"607\" data-end=\"655\"><span role=\"text\"><strong data-start=\"610\" data-end=\"655\">2. Finalidad del tratamiento de los datos<\/strong><\/span><\/h6><p data-start=\"657\" data-end=\"751\">Los datos personales facilitados por el usuario ser\u00e1n tratados con las siguientes finalidades:<\/p><ul data-start=\"753\" data-end=\"1031\"><li data-section-id=\"nrisp4\" data-start=\"753\" data-end=\"840\">Atender consultas o solicitudes realizadas a trav\u00e9s de los formularios de contacto.<\/li><li data-section-id=\"me6qq0\" data-start=\"841\" data-end=\"895\">Gestionar la relaci\u00f3n profesional y\/o terap\u00e9utica.<\/li><li data-section-id=\"330qrm\" data-start=\"896\" data-end=\"951\">Facilitar informaci\u00f3n sobre servicios psicol\u00f3gicos.<\/li><li data-section-id=\"iu2ydt\" data-start=\"952\" data-end=\"1031\">Gestionar citas y comunicaciones relacionadas con la actividad profesional.<\/li><\/ul><p data-start=\"1033\" data-end=\"1180\">En caso de tratar datos de salud (historial cl\u00ednico), estos se gestionar\u00e1n con estricta confidencialidad y exclusivamente para fines asistenciales.<\/p><h6 data-section-id=\"1aj0cyh\" data-start=\"1187\" data-end=\"1209\"><span role=\"text\"><strong data-start=\"1190\" data-end=\"1209\">3. Legitimaci\u00f3n<\/strong><\/span><\/h6><p data-start=\"1211\" data-end=\"1261\">La base legal para el tratamiento de los datos es:<\/p><ul data-start=\"1263\" data-end=\"1415\"><li data-section-id=\"4dnibt\" data-start=\"1263\" data-end=\"1300\">El consentimiento del interesado.<\/li><li data-section-id=\"68k2lt\" data-start=\"1301\" data-end=\"1359\">La ejecuci\u00f3n de un contrato o prestaci\u00f3n de servicios.<\/li><li data-section-id=\"7m8myk\" data-start=\"1360\" data-end=\"1415\">El cumplimiento de obligaciones legales aplicables.<\/li><\/ul><h6 data-section-id=\"1uh6jdx\" data-start=\"1422\" data-end=\"1457\"><span role=\"text\"><strong data-start=\"1425\" data-end=\"1457\">4. Conservaci\u00f3n de los datos<\/strong><\/span><\/h6><p data-start=\"1459\" data-end=\"1484\">Los datos se conservar\u00e1n:<\/p><ul data-start=\"1486\" data-end=\"1701\"><li data-section-id=\"8lnqe0\" data-start=\"1486\" data-end=\"1574\">Durante el tiempo necesario para cumplir la finalidad para la cual fueron recogidos.<\/li><li data-section-id=\"124wzmo\" data-start=\"1575\" data-end=\"1620\">Mientras exista una relaci\u00f3n profesional.<\/li><li data-section-id=\"e44a2n\" data-start=\"1621\" data-end=\"1701\">Durante los plazos legales exigibles (especialmente en el \u00e1mbito sanitario).<\/li><\/ul><h6 data-section-id=\"z9ahqs\" data-start=\"1708\" data-end=\"1739\"><span role=\"text\"><strong data-start=\"1711\" data-end=\"1739\">5. Comunicaci\u00f3n de datos<\/strong><\/span><\/h6><p data-start=\"1741\" data-end=\"1796\">Los datos personales no se ceder\u00e1n a terceros, excepto:<\/p><ul data-start=\"1798\" data-end=\"1931\"><li data-section-id=\"1lzz1e9\" data-start=\"1798\" data-end=\"1823\">Por obligaci\u00f3n legal.<\/li><li data-section-id=\"13z6g4q\" data-start=\"1824\" data-end=\"1931\">Cuando sea necesario para la prestaci\u00f3n del servicio (por ejemplo, gesti\u00f3n administrativa o sanitaria).<\/li><\/ul><p data-start=\"1933\" data-end=\"1986\">No se prev\u00e9n transferencias internacionales de datos.<\/p><h6 data-section-id=\"113zoyf\" data-start=\"1993\" data-end=\"2023\"><span role=\"text\"><strong data-start=\"1996\" data-end=\"2023\">6. Derechos del usuario<\/strong><\/span><\/h6><p data-start=\"2025\" data-end=\"2074\">El usuario puede ejercer los siguientes derechos:<\/p><ul data-start=\"2076\" data-end=\"2270\"><li data-section-id=\"1ia252f\" data-start=\"2076\" data-end=\"2109\">Acceso a sus datos personales<\/li><li data-section-id=\"4w0x2f\" data-start=\"2110\" data-end=\"2146\">Rectificaci\u00f3n de datos inexactos<\/li><li data-section-id=\"1i2a9pj\" data-start=\"2147\" data-end=\"2180\">Supresi\u00f3n (derecho al olvido)<\/li><li data-section-id=\"h4f20w\" data-start=\"2181\" data-end=\"2211\">Limitaci\u00f3n del tratamiento<\/li><li data-section-id=\"1hiy6ar\" data-start=\"2212\" data-end=\"2241\">Portabilidad de los datos<\/li><li data-section-id=\"i1ex4u\" data-start=\"2242\" data-end=\"2270\">Oposici\u00f3n al tratamiento<\/li><\/ul><p data-start=\"2272\" data-end=\"2330\">Para ejercer estos derechos, puede enviar una solicitud a:<\/p><p data-start=\"2332\" data-end=\"2358\">\ud83d\udce7 <a class=\"decorated-link cursor-pointer\" rel=\"noopener\" data-start=\"2335\" data-end=\"2356\">info.dheras@gmail.com<\/a><\/p><p data-start=\"2360\" data-end=\"2465\">Tambi\u00e9n tiene derecho a presentar una reclamaci\u00f3n ante la Agencia Espa\u00f1ola de Protecci\u00f3n de Datos (AEPD).<\/p><h6 data-section-id=\"1f776v2\" data-start=\"2472\" data-end=\"2504\"><span role=\"text\"><strong data-start=\"2475\" data-end=\"2504\">7. Seguridad de los datos<\/strong><\/span><\/h6><p data-start=\"2506\" data-end=\"2701\">El titular adopta las medidas t\u00e9cnicas y organizativas necesarias para garantizar la seguridad, integridad y confidencialidad de los datos, evitando su alteraci\u00f3n, p\u00e9rdida o acceso no autorizado.<\/p><h6 data-section-id=\"k5atfo\" data-start=\"2708\" data-end=\"2740\"><span role=\"text\"><strong data-start=\"2711\" data-end=\"2740\">8. Veracidad de los datos<\/strong><\/span><\/h6><p data-start=\"2742\" data-end=\"2874\">El usuario garantiza que los datos facilitados son veraces y est\u00e1n actualizados, y se compromete a comunicar cualquier modificaci\u00f3n.<\/p><h6 data-section-id=\"c5fq2y\" data-start=\"2881\" data-end=\"2916\"><span role=\"text\"><strong data-start=\"2884\" data-end=\"2916\">9. Aceptaci\u00f3n de la pol\u00edtica<\/strong><\/span><\/h6><p data-start=\"2918\" data-end=\"2999\">El uso del sitio web implica la aceptaci\u00f3n de la presente Pol\u00edtica de Privacidad.<\/p><h6 data-section-id=\"1rocuol\" data-start=\"3006\" data-end=\"3031\"><span role=\"text\"><strong data-start=\"3009\" data-end=\"3031\">10. Modificaciones<\/strong><\/span><\/h6><p data-start=\"3033\" data-end=\"3154\">La presente pol\u00edtica podr\u00e1 ser actualizada para adaptarse a novedades legislativas o cambios en la actividad profesional.<\/p>\t\t\t\t\t\t\t\t<\/div>\n\t\t\t\t<\/div>\n\t\t\t\t\t<\/div>\n\t\t<\/div>\n\t\t\t\t\t<\/div>\n\t\t<\/section>\n\t\t\t\t<\/div>\n\t\t","protected":false},"excerpt":{"rendered":"<p>1. Responsable del tratamiento En cumplimiento de lo dispuesto en el Reglamento (UE) 2016\/679 (RGPD) y la Ley Org\u00e1nica 3\/2018 (LOPDGDD), se informa que los datos personales recogidos a trav\u00e9s&hellip;<\/p>\n","protected":false},"author":1,"featured_media":0,"parent":0,"menu_order":0,"comment_status":"closed","ping_status":"closed","template":"","meta":{"footnotes":""},"class_list":["post-66142","page","type-page","status-publish","hentry"],"_links":{"self":[{"href":"https:\/\/davidherassopena.com\/es\/wp-json\/wp\/v2\/pages\/66142","targetHints":{"allow":["GET"]}}],"collection":[{"href":"https:\/\/davidherassopena.com\/es\/wp-json\/wp\/v2\/pages"}],"about":[{"href":"https:\/\/davidherassopena.com\/es\/wp-json\/wp\/v2\/types\/page"}],"author":[{"embeddable":true,"href":"https:\/\/davidherassopena.com\/es\/wp-json\/wp\/v2\/users\/1"}],"replies":[{"embeddable":true,"href":"https:\/\/davidherassopena.com\/es\/wp-json\/wp\/v2\/comments?post=66142"}],"version-history":[{"count":11,"href":"https:\/\/davidherassopena.com\/es\/wp-json\/wp\/v2\/pages\/66142\/revisions"}],"predecessor-version":[{"id":66341,"href":"https:\/\/davidherassopena.com\/es\/wp-json\/wp\/v2\/pages\/66142\/revisions\/66341"}],"wp:attachment":[{"href":"https:\/\/davidherassopena.com\/es\/wp-json\/wp\/v2\/media?parent=66142"}],"curies":[{"name":"wp","href":"https:\/\/api.w.org\/{rel}","templated":true}]}}